{"id":8805,"date":"2025-10-02T22:06:35","date_gmt":"2025-10-02T20:06:35","guid":{"rendered":"https:\/\/www.ngdcare.nl\/?post_type=product&#038;p=8805"},"modified":"2025-10-02T22:14:24","modified_gmt":"2025-10-02T20:14:24","slug":"essence-dexpression-chakra-2-et-5-kopie","status":"publish","type":"product","link":"https:\/\/www.ngdcare.nl\/fr\/product\/remedes-floraux-fr\/essence-dexpression-chakra-2-et-5-kopie\/","title":{"rendered":"Essence d\u2019expression \u2013 Chakra 2 et 5"},"content":{"rendered":"<p data-start=\"507\" data-end=\"767\"><strong data-start=\"507\" data-end=\"536\">Expression \u2013 Les chakras 2 et 5<\/strong> sont une essence florale soigneusement compos\u00e9e qui soutient la connexion entre le <strong data-start=\"625\" data-end=\"696\">deuxi\u00e8me chakra (sacr\u00e9 \u2013 \u00e9nergie vitale, cr\u00e9ativit\u00e9, sensualit\u00e9)<\/strong> et le <strong data-start=\"704\" data-end=\"764\">cinqui\u00e8me chakra (gorge \u2013 communication, expression, v\u00e9rit\u00e9).<\/strong><\/p>\n<p data-start=\"769\" data-end=\"1072\">Cette combinaison vous aide \u00e0 vous connecter \u00e0 votre flux int\u00e9rieur, \u00e0 votre \u00e9nergie cr\u00e9ative et \u00e0 votre capacit\u00e9 \u00e0 vous exprimer doucement et authentiquement. De nombreuses personnes \u00e9prouvent des blocages sur cet axe : difficult\u00e9 \u00e0 exprimer des sentiments, stagnation cr\u00e9ative, peur d\u2019\u00eatre visible ou sensibilit\u00e9 \u00e9motionnelle excessive. <\/p>\n<p data-start=\"1074\" data-end=\"1204\">L\u2019expression apporte adoucissement, protection et espace, pour que les sentiments et les mots reviennent en \u00e9quilibre avec ce que vous \u00eates vraiment.<\/p>\n<p data-start=\"1206\" data-end=\"1451\"><strong data-start=\"1206\" data-end=\"1223\">Pour les enfants<\/strong><br data-start=\"1223\" data-end=\"1226\">Les enfants qui ont de la difficult\u00e9 \u00e0 s\u2019exprimer ou qui bloquent souvent leurs \u00e9motions peuvent b\u00e9n\u00e9ficier de ce rem\u00e8de. Cela les aide \u00e0 communiquer plus doucement, \u00e0 \u00eatre cr\u00e9atifs de mani\u00e8re ludique et \u00e0 montrer leurs \u00e9motions de mani\u00e8re s\u00fbre. <\/p>\n<p data-start=\"1453\" data-end=\"1498\"><strong data-start=\"1453\" data-end=\"1496\">Application chez l\u2019adulte et l\u2019enfant :<\/strong><\/p>\n<ul data-start=\"1499\" data-end=\"1845\">\n<li data-start=\"1499\" data-end=\"1562\">\n<p data-start=\"1501\" data-end=\"1562\">Pour les blocages \u00e9motionnels tels que la tristesse, la honte ou la culpabilit\u00e9<\/p>\n<\/li>\n<li data-start=\"1563\" data-end=\"1611\">\n<p data-start=\"1565\" data-end=\"1611\">Lorsqu\u2019il est difficile d\u2019exprimer ou de communiquer<\/p>\n<\/li>\n<li data-start=\"1612\" data-end=\"1665\">\n<p data-start=\"1614\" data-end=\"1665\">En cas de stagnation cr\u00e9ative ou de tensions relationnelles<\/p>\n<\/li>\n<li data-start=\"1666\" data-end=\"1730\">\n<p data-start=\"1668\" data-end=\"1730\">En cas de sensibilit\u00e9 \u00e9lev\u00e9e ou de sensibilit\u00e9 aux stimuli autour de la gorge\/de la parole<\/p>\n<\/li>\n<li data-start=\"1731\" data-end=\"1792\">\n<p data-start=\"1733\" data-end=\"1792\">Soutien en cas de d\u00e9s\u00e9quilibre hormonal ou de troubles de la gorge<\/p>\n<\/li>\n<li data-start=\"1793\" data-end=\"1845\">\n<p data-start=\"1795\" data-end=\"1845\">En p\u00e9riode de transition ou de processus cr\u00e9atif<\/p>\n<\/li>\n<\/ul>\n<p data-start=\"1847\" data-end=\"1880\"><strong data-start=\"1847\" data-end=\"1878\">Contient les fleurs suivantes :<\/strong><\/p>\n<ul data-start=\"1881\" data-end=\"2529\">\n<li data-start=\"1881\" data-end=\"1943\">\n<p data-start=\"1883\" data-end=\"1943\"><strong data-start=\"1883\" data-end=\"1896\">Le pardon<\/strong> \u2013 l\u00e2cher prise, ouvrir le c\u0153ur et la liti\u00e8re \u00e9motionnelle<\/p>\n<\/li>\n<li data-start=\"1944\" data-end=\"2004\">\n<p data-start=\"1946\" data-end=\"2004\"><strong data-start=\"1946\" data-end=\"1962\">Persil de vache<\/strong> \u2013 espi\u00e8glerie, cr\u00e9ativit\u00e9 et l\u00e9g\u00e8ret\u00e9<\/p>\n<\/li>\n<li data-start=\"2005\" data-end=\"2067\">\n<p data-start=\"2007\" data-end=\"2067\"><strong data-start=\"2007\" data-end=\"2023\">Cactus corail<\/strong> \u2013 douceur f\u00e9minine, fluidit\u00e9, sensualit\u00e9<\/p>\n<\/li>\n<li data-start=\"2068\" data-end=\"2122\">\n<p data-start=\"2070\" data-end=\"2122\"><strong data-start=\"2070\" data-end=\"2090\">Fleur de coucou de jour<\/strong> \u2013 oser \u00eatre soi-m\u00eame et s\u2019exprimer<\/p>\n<\/li>\n<li data-start=\"2123\" data-end=\"2179\">\n<p data-start=\"2125\" data-end=\"2179\"><strong data-start=\"2125\" data-end=\"2146\">L\u2019\u00e9toile de Bethl\u00e9em<\/strong> \u2013 gu\u00e9rir les traumatismes \u00e9motionnels<\/p>\n<\/li>\n<li data-start=\"2180\" data-end=\"2235\">\n<p data-start=\"2182\" data-end=\"2235\"><strong data-start=\"2182\" data-end=\"2202\">Amande indienne<\/strong> \u2013 protection contre la sensibilit\u00e9<\/p>\n<\/li>\n<li data-start=\"2236\" data-end=\"2292\">\n<p data-start=\"2238\" data-end=\"2292\"><strong data-start=\"2238\" data-end=\"2255\">Amour et espoir<\/strong> \u2013 adoucissement et force int\u00e9rieure<\/p>\n<\/li>\n<li data-start=\"2293\" data-end=\"2342\">\n<p data-start=\"2295\" data-end=\"2342\"><strong data-start=\"2295\" data-end=\"2303\">Rose<\/strong> \u2013 \u00e9nergie douce du c\u0153ur dans la communication<\/p>\n<\/li>\n<li data-start=\"2343\" data-end=\"2396\">\n<p data-start=\"2345\" data-end=\"2396\"><strong data-start=\"2345\" data-end=\"2358\">3-L\u2019unit\u00e9<\/strong> \u2013 l\u2019alignement corps, \u00e2me et esprit<\/p>\n<\/li>\n<li data-start=\"2397\" data-end=\"2465\">\n<p data-start=\"2399\" data-end=\"2465\"><strong data-start=\"2399\" data-end=\"2416\">Arbuste aux papillons<\/strong> \u2013 transformation et confiance en soi dans l\u2019expression<\/p>\n<\/li>\n<li data-start=\"2466\" data-end=\"2529\">\n<p data-start=\"2468\" data-end=\"2529\"><strong data-start=\"2468\" data-end=\"2480\">Turquoise<\/strong> \u2013 renforce le lien entre le sentiment et l\u2019expression<\/p>\n<\/li>\n<\/ul>\n","protected":false},"excerpt":{"rendered":"<p>Essence florale qui soutient la cr\u00e9ativit\u00e9 et l\u2019expression de soi. Pour les adultes et les enfants pr\u00e9sentant des blocages \u00e9motionnels, une sensibilit\u00e9 \u00e9lev\u00e9e et des probl\u00e8mes de communication. <\/p>\n","protected":false},"featured_media":5493,"comment_status":"open","ping_status":"closed","template":"","meta":[],"product_brand":[],"product_cat":[4708],"product_tag":[1677,1672,1673,1674,1655,1675,1676,1671,1656,1657],"merken":[2756],"class_list":{"0":"post-8805","1":"product","2":"type-product","3":"status-publish","4":"has-post-thumbnail","6":"product_cat-remedes-floraux-fr","7":"product_tag-animaux-sensibles","8":"product_tag-chakra-2-fr","9":"product_tag-chakra-5-fr","10":"product_tag-creativite","11":"product_tag-essence-de-fleur","12":"product_tag-expression-de-soi","13":"product_tag-guerison-emotionnelle","14":"product_tag-haute-sensibilite","15":"product_tag-ngd-care-blossoms-fr","16":"product_tag-protection-energetique","17":"merken-ngdcare","18":"infinite-scroll-item","19":"sales-flash-overlay","20":"woocommerce-text-align-center","21":"woocommerce-image-align-center","22":"do-quantity-buttons","24":"first","25":"instock","26":"taxable","27":"shipping-taxable","28":"purchasable","29":"product-type-simple"},"_links":{"self":[{"href":"https:\/\/www.ngdcare.nl\/fr\/wp-json\/wp\/v2\/product\/8805","targetHints":{"allow":["GET"]}}],"collection":[{"href":"https:\/\/www.ngdcare.nl\/fr\/wp-json\/wp\/v2\/product"}],"about":[{"href":"https:\/\/www.ngdcare.nl\/fr\/wp-json\/wp\/v2\/types\/product"}],"replies":[{"embeddable":true,"href":"https:\/\/www.ngdcare.nl\/fr\/wp-json\/wp\/v2\/comments?post=8805"}],"wp:featuredmedia":[{"embeddable":true,"href":"https:\/\/www.ngdcare.nl\/fr\/wp-json\/wp\/v2\/media\/5493"}],"wp:attachment":[{"href":"https:\/\/www.ngdcare.nl\/fr\/wp-json\/wp\/v2\/media?parent=8805"}],"wp:term":[{"taxonomy":"product_brand","embeddable":true,"href":"https:\/\/www.ngdcare.nl\/fr\/wp-json\/wp\/v2\/product_brand?post=8805"},{"taxonomy":"product_cat","embeddable":true,"href":"https:\/\/www.ngdcare.nl\/fr\/wp-json\/wp\/v2\/product_cat?post=8805"},{"taxonomy":"product_tag","embeddable":true,"href":"https:\/\/www.ngdcare.nl\/fr\/wp-json\/wp\/v2\/product_tag?post=8805"},{"taxonomy":"merken","embeddable":true,"href":"https:\/\/www.ngdcare.nl\/fr\/wp-json\/wp\/v2\/merken?post=8805"}],"curies":[{"name":"wp","href":"https:\/\/api.w.org\/{rel}","templated":true}]}}