{"id":10300,"date":"2025-11-15T21:34:33","date_gmt":"2025-11-15T20:34:33","guid":{"rendered":"https:\/\/www.ngdcare.nl\/?post_type=product&#038;p=10300"},"modified":"2025-11-24T16:17:09","modified_gmt":"2025-11-24T15:17:09","slug":"prebiotics-snaithin-prebiotic-kopie","status":"publish","type":"product","link":"https:\/\/www.ngdcare.nl\/ga\/product\/forliontai-bia\/prebiotics-snaithin-prebiotic-kopie\/","title":{"rendered":"Sn\u00e1ith\u00edn prebiotic"},"content":{"rendered":"<div>\n<p style=\"font-weight: 400;\">C\u00faram NGD \u2013 Is measc\u00e1n c\u00faramach de shn\u00e1ith\u00edn\u00ed n\u00e1d\u00fartha agus substaint\u00ed feidhmi\u00fala \u00e9 <strong>sn\u00e1ith\u00edn prebiotic <\/strong>a fheidhm\u00edonn mar bhia do bhaict\u00e9ir st\u00e9igeacha tairbhi\u00fala. Murab ionann agus probiotics (baict\u00e9ir bheo), <strong>is sn\u00e1ith\u00edn\u00ed coipthe iad prebiotics<\/strong> a spreagann f\u00e1s agus gn\u00edomha\u00edocht an mhiocr\u00f3im at\u00e1 ann cheana. Is carbaihiodr\u00e1it\u00ed ind\u00edle\u00e1ite iad prebiotics a thrasna\u00edonn an conradh gastrointestinal agus a choiptear go roghnach sa colon ag speicis bhaict\u00e9aracha thairbhi\u00fala mar Bifidobacterium agus Lactobacillus. Crutha\u00edonn s\u00e9 seo aig\u00e9id shailleacha gearr-slabhra (SCFAanna) cos\u00fail le butyrate, propionate agus aic\u00e9at\u00e1it, a chotha\u00edonn an balla intestinal, a \u00edsl\u00edonn an pH, a mhodhna\u00edonn pr\u00f3isis athlastacha agus a thaca\u00edonn leis an mbacainn intestinal. Forbra\u00edodh an Coimpl\u00e9asc Prebiotic seo chun \u00e9ags\u00falacht agus cobhsa\u00edocht an mhiocr\u00f3im a chur chun cinn ar bhealach \u00e9adrom ach \u00e9ifeachtach.    <\/p>\n<p style=\"font-weight: 400;\">Cuims\u00edonn an fhoirmle uath\u00fail seo na <strong>c\u00faig phr\u00edomhghr\u00fapa prebiotic<\/strong>:<\/p>\n<ul>\n<li style=\"font-weight: 400;\"><strong>Inulin agus FOS<\/strong> \u00f3 fhr\u00e9amh siocaire<\/li>\n<li><strong>Arabinogalactans<\/strong> \u00f3 shn\u00e1ith\u00edn acacia<\/li>\n<li><strong>MOS<\/strong> \u00f3 <em>Saccharomyces boulardii<\/em><\/li>\n<li><strong>B\u00e9ite-ghl\u00fac\u00e1in<\/strong> \u00f3n muisiri\u00fan <em>Agaricus blazei<\/em><\/li>\n<\/ul>\n<p>T\u00e1 an t\u00e1irge oiri\u00fanach go maith le haghaidh cothroma\u00edocht intestinal suaite (tar \u00e9is c\u00f3gais, strus, tinneas), i gc\u00e1s constipation n\u00f3 gluaiseachta\u00ed bput\u00f3g neamhrialta agus mar chuid de phr\u00f3tacal intestinal l\u00e1rnach. N\u00ed amh\u00e1in go gcuid\u00edonn prebiotics le sl\u00e1inte gut \u00e1iti\u00fail, ach t\u00e1 \u00e9ifeachta\u00ed sist\u00e9amacha acu freisin tr\u00edd an ais gut-inchinn, an ais gut-imdh\u00edonachta, agus an ais gut-metabolism. Is f\u00e9idir leo cur le caoinfhulaingt n\u00edos fearr le bianna, fuinneamh n\u00edos cobhsa\u00ed, agus freagairt imdh\u00edonachta n\u00edos cothroime.<br data-start=\"1961\" data-end=\"1964\">Toisc go n-imoibr\u00edonn intestines \u00edogair uaireanta go for\u00e9igneach le m\u00e9ideanna m\u00f3ra sn\u00e1ith\u00edn coipthe, t\u00e1 s\u00e9 i gceist an coimpl\u00e9asc seo a th\u00f3g\u00e1il suas go mall. Is f\u00e9idir \u00e9 a chomhcheangal le probiotics, glutamine, lactoferrin agus lucht taca\u00edochta intestinal eile. I gc\u00e1s daoine a bhfuil SIBO n\u00f3 gear\u00e1in gh\u00e1is \/ pian tromch\u00faiseacha orthu, b&#8217;fhearr teiripeoir d\u00e1ileog agus cine\u00e1l rogha sn\u00e1ith\u00edn a choigeart\u00fa.    <\/p>\n<\/div>\n","protected":false},"excerpt":{"rendered":"<p style=\"font-weight: 400;\">T\u00e1 measc\u00e1n de shn\u00e1ith\u00edn\u00ed intuaslagtha ag Prebiotics Fiber \u00f3 NGD Care a fheidhm\u00edonn mar bhia do bhaict\u00e9ir gut tairbheacha. Taca\u00edonn s\u00e9 le microbiome sl\u00e1inti\u00fail, bacainn gut agus gluaiseachta\u00ed bput\u00f3g. <\/p>\n","protected":false},"featured_media":11814,"comment_status":"open","ping_status":"closed","template":"","meta":[],"product_brand":[],"product_cat":[5377],"product_tag":[5797,1894,2649,2920,2921,1916,5431,5795,5796,5794,1892,1912,5378,2916,1908,2919],"merken":[2756],"class_list":{"0":"post-10300","1":"product","2":"type-product","3":"status-publish","4":"has-post-thumbnail","6":"product_cat-forliontai-bia","7":"product_tag-bacainn-intestinal","8":"product_tag-cat-ga","9":"product_tag-dilea","10":"product_tag-excrement-ga","11":"product_tag-flora-intestinal","12":"product_tag-forliontai-curaim-ngd","13":"product_tag-forliontai-daonna","14":"product_tag-fos","15":"product_tag-gluaiseacht-bputog","16":"product_tag-inulin","17":"product_tag-madra","18":"product_tag-micribhithom","19":"product_tag-ngd-curam-slainte-an-duine","20":"product_tag-prebiotics-ga","21":"product_tag-slainte-gut","22":"product_tag-snaithin","23":"merken-ngdcare","24":"infinite-scroll-item","25":"sales-flash-overlay","26":"woocommerce-text-align-center","27":"woocommerce-image-align-center","28":"do-quantity-buttons","30":"first","31":"instock","32":"taxable","33":"shipping-taxable","34":"purchasable","35":"product-type-simple"},"_links":{"self":[{"href":"https:\/\/www.ngdcare.nl\/ga\/wp-json\/wp\/v2\/product\/10300","targetHints":{"allow":["GET"]}}],"collection":[{"href":"https:\/\/www.ngdcare.nl\/ga\/wp-json\/wp\/v2\/product"}],"about":[{"href":"https:\/\/www.ngdcare.nl\/ga\/wp-json\/wp\/v2\/types\/product"}],"replies":[{"embeddable":true,"href":"https:\/\/www.ngdcare.nl\/ga\/wp-json\/wp\/v2\/comments?post=10300"}],"wp:featuredmedia":[{"embeddable":true,"href":"https:\/\/www.ngdcare.nl\/ga\/wp-json\/wp\/v2\/media\/11814"}],"wp:attachment":[{"href":"https:\/\/www.ngdcare.nl\/ga\/wp-json\/wp\/v2\/media?parent=10300"}],"wp:term":[{"taxonomy":"product_brand","embeddable":true,"href":"https:\/\/www.ngdcare.nl\/ga\/wp-json\/wp\/v2\/product_brand?post=10300"},{"taxonomy":"product_cat","embeddable":true,"href":"https:\/\/www.ngdcare.nl\/ga\/wp-json\/wp\/v2\/product_cat?post=10300"},{"taxonomy":"product_tag","embeddable":true,"href":"https:\/\/www.ngdcare.nl\/ga\/wp-json\/wp\/v2\/product_tag?post=10300"},{"taxonomy":"merken","embeddable":true,"href":"https:\/\/www.ngdcare.nl\/ga\/wp-json\/wp\/v2\/merken?post=10300"}],"curies":[{"name":"wp","href":"https:\/\/api.w.org\/{rel}","templated":true}]}}